{"id":1672,"date":"2016-06-02T13:03:50","date_gmt":"2016-06-02T13:03:50","guid":{"rendered":"https:\/\/isd-freiburg.de\/es\/?page_id=1672"},"modified":"2023-12-07T09:28:19","modified_gmt":"2023-12-07T09:28:19","slug":"alojamiento-en-friburgo","status":"publish","type":"page","link":"https:\/\/isd-freiburg.de\/es\/internationales-sprachzentrum-dialogo-escuela-de-idiomas-en-friburgo-freiburg\/alojamiento-en-friburgo\/","title":{"rendered":"Alojamiento en Freiburg"},"content":{"rendered":"<p>Como lamentablemente no es f\u00e1cil encontrar alojamiento en Friburgo, el ITS ofrece un servicio de alojamiento. El ITS dispone de varios pisos individuales y habitaciones en pisos compartidos en Friburgo. El servicio pretende servir de apoyo en la dif\u00edcil tarea de encontrar una habitaci\u00f3n. El servicio tiene un coste de 22,- EUR y s\u00f3lo es v\u00e1lido para los participantes en cursos de la DSI y s\u00f3lo en relaci\u00f3n con un curso.<br \/>\nPor favor, elija una de las siguientes opciones.<\/p>\n<p><strong>A<\/strong><br \/>\n<strong>APARTAMENTOS INDIVIDUALES THE FIZZ<\/strong> (\u00a1m\u00e1xima calidad!) &#8211; m\u00ednimo 6 meses<br \/>\nLos estudios Fizz son pisos nuevos y modernos de 1 habitaci\u00f3n con cocina y ba\u00f1o (ducha) propios. Los pisos est\u00e1n totalmente equipados (WiFi, TV, microondas\/horno, cocina, lavavajillas, 1 cama, nevera con congelador, etc.) con mobiliario de alta calidad y muy pr\u00e1ctico. Los pisos est\u00e1n muy c\u00e9ntricos, con una parada de tranv\u00eda justo delante de la puerta principal. Se puede ir andando a las tiendas. La escuela de idiomas est\u00e1 a 2 minutos a pie.<\/p>\n<p><strong>Precio y servicio<\/strong>:<br \/>\nEl alquiler mensual cuesta aprox. <strong>1.000 EUR \/ mes<\/strong>.<br \/>\nPuede reservar directamente con The Fizz en el siguiente enlace:<\/p>\n<blockquote class=\"wp-embedded-content\" data-secret=\"FU84efcX2N\"><p><a href=\"https:\/\/www.the-fizz.com\/studentenwohnheim\/freiburg-mitte\/\">Freiburg Mitte<\/a><\/p><\/blockquote>\n<p><iframe class=\"wp-embedded-content\" sandbox=\"allow-scripts\" security=\"restricted\" style=\"position: absolute; clip: rect(1px, 1px, 1px, 1px);\" title=\"&#8222;Freiburg Mitte&#8220; &#8212; THE FIZZ\" src=\"https:\/\/www.the-fizz.com\/studentenwohnheim\/freiburg-mitte\/embed\/#?secret=x2pCsJJ33K#?secret=FU84efcX2N\" data-secret=\"FU84efcX2N\" width=\"600\" height=\"338\" frameborder=\"0\" marginwidth=\"0\" marginheight=\"0\" scrolling=\"no\"><\/iframe><br \/>\nThe Fizz s\u00f3lo ofrece contratos de alquiler a largo plazo (m\u00ednimo 1 a\u00f1o).<\/p>\n<p>Alternativamente, puede alquilar un piso \u00abFizz\u00bb de la escuela de idiomas. En este caso usted hace el contrato de alquiler con la escuela de idiomas y no con The Fizz con la ventaja de que usted puede concluir un contrato a corto plazo (por lo menos 6 meses), pero por un precio ligeramente m\u00e1s caro (por lo general <strong>1.090 EUR \/ mes<\/strong>)<br \/>\nPara reservar a trav\u00e9s de la escuela de idiomas, env\u00edanos un correo electr\u00f3nico a info@isd-freiburg.de<\/p>\n<p><strong>B<\/strong><br \/>\n<strong>COMPARTIR HABITACI\u00d3N CENTRO CIUDAD<\/strong> &#8211; m\u00ednimo 6 meses<br \/>\nLa escuela de idiomas ISD tiene 3 pisos diferentes de 3 habitaciones directamente en el centro de la ciudad (Friedrichstr.). Los pisos est\u00e1n completamente amueblados, cada uno con una cocina compartida totalmente equipada y un ba\u00f1o compartido.<br \/>\nPuedes elegir entre normal y superior. Las habitaciones tienen diferentes tama\u00f1os y precios.<\/p>\n<p><strong>Precio y servicio<\/strong><br \/>\nRegular (piso confortable con cocina nueva, super c\u00e9ntrico)<br \/>\nC\u00f3modo piso de 3 habitaciones con 3 tama\u00f1os de habitaci\u00f3n diferentes:<br \/>\nRegular: <strong>650,- EUR \/ mes<\/strong><br \/>\nRegular <strong>700,- EUR \/ mes<\/strong><br \/>\nRegular+: <strong>750,- EUR \/ mes<\/strong> (o <strong>850,- EUR \/ mes<\/strong> como habitaci\u00f3n doble)<\/p>\n<p>Top (piso confortable con cocina y ba\u00f1o nuevos renovados en 2023, super c\u00e9ntrico)<br \/>\nPiso super c\u00f3modo de 3 habitaciones con 3 tama\u00f1os de habitaci\u00f3n diferentes:<br \/>\nEst\u00e1ndar: <strong>700,- EUR \/ mes<\/strong><br \/>\nRegular <strong>750,- EUR \/ mes<\/strong><br \/>\nRegular+: <strong>800,- EUR \/ mes<\/strong> (o <strong>900,- EUR \/ mes<\/strong> como habitaci\u00f3n doble)<\/p>\n<p><strong>C<\/strong><br \/>\n<strong>PISO COMPARTIDO PARA ESTANCIAS CORTAS<\/strong> &#8211; m\u00ednimo 1 mes, m\u00e1ximo 5 meses<br \/>\nSe trata de un piso compartido para estancias cortas, con un total de 7 habitaciones, 3 aseos compartidos, 1 cocina compartida.<br \/>\nEst\u00e1 situado en el barrio de Landwasser, a 1-2 minutos a pie de la parada del tranv\u00eda. Las tiendas est\u00e1n cerca (5 minutos a pie).<\/p>\n<p><strong>Precio y servicio<\/strong><br \/>\nHabitaci\u00f3n individual: <strong>650,- EUR\/mes<\/strong> IVA incl.<br \/>\nHabitaci\u00f3n doble: <strong>750,- EUR\/mes<\/strong> IVA incl.<\/p>\n<p><strong>D<\/strong><br \/>\n<strong>APARTAMENTOS INDIVIDUALES CAMPO NOVO BUSINESS<\/strong> (m\u00e1x. 3 meses, prorrogable otros 3 meses)<br \/>\nLos estudios Campo Novo Business son pisos nuevos y modernos de 1 habitaci\u00f3n con cocina y ba\u00f1o (ducha) propios. Los pisos est\u00e1n totalmente equipados (WiFi, TV, microondas\/horno, vitrocer\u00e1mica, lavavajillas, 1 cama, frigor\u00edfico, etc.) con mobiliario de alta calidad y muy pr\u00e1ctico. Los pisos est\u00e1n en el barrio de Haid, pero hay una parada de tranv\u00eda y autob\u00fas justo delante de la puerta. Las tiendas est\u00e1n a 3 minutos a pie.<\/p>\n<p><strong>Precio y servicio<\/strong>:<br \/>\nPuede reservar directamente con nuestro socio Campo Novo Business en el siguiente enlace:<\/p>\n<blockquote class=\"wp-embedded-content\" data-secret=\"12GbJnYE9t\"><p><a href=\"https:\/\/www.cnb-freiburg.de\/\">Home<\/a><\/p><\/blockquote>\n<p><iframe class=\"wp-embedded-content\" sandbox=\"allow-scripts\" security=\"restricted\" style=\"position: absolute; clip: rect(1px, 1px, 1px, 1px);\" title=\"&#8222;Home&#8220; &#8212; CAMPO NOVO Business Freiburg\" src=\"https:\/\/www.cnb-freiburg.de\/embed\/#?secret=xXhVC4hAE8#?secret=12GbJnYE9t\" data-secret=\"12GbJnYE9t\" width=\"600\" height=\"338\" frameborder=\"0\" marginwidth=\"0\" marginheight=\"0\" scrolling=\"no\"><\/iframe><br \/>\nLos precios var\u00edan dependiendo del piso (normalmente <strong>750,- EUR &#8211; 800,- EUR \/ mes + 120,- EUR una vez<\/strong> para la limpieza final)<\/p>\n<p>Alternativamente, puedes alquilar un piso \u00abCampo Novo Business\u00bb en la escuela de idiomas. En este caso, tiene la ventaja de firmar el contrato directamente en la escuela de idiomas, pero con un recargo de aprox. el 10 % sobre el precio original (normalmente <strong>850,- EUR \/ mes + 120,- EUR una vez<\/strong> por la limpieza final).<\/p>\n<div id='gallery-1' class='gallery galleryid-1672 gallery-columns-3 gallery-size-thumbnail'><figure class='gallery-item'>\n\t\t\t<div class='gallery-icon landscape'>\n\t\t\t\t<a href='https:\/\/isd-freiburg.de\/es\/internationales-sprachzentrum-dialogo-escuela-de-idiomas-en-friburgo-freiburg\/alojamiento-en-friburgo\/image-2016-05-3173-2\/'><img decoding=\"async\" width=\"160\" height=\"107\" src=\"https:\/\/isd-freiburg.de\/wp-content\/uploads\/2016\/06\/image-2016-05-3173.jpg\" class=\"attachment-thumbnail size-thumbnail\" alt=\"\" srcset=\"https:\/\/isd-freiburg.de\/wp-content\/uploads\/2016\/06\/image-2016-05-3173.jpg 717w, https:\/\/isd-freiburg.de\/wp-content\/uploads\/2016\/06\/image-2016-05-3173-416x277.jpg 416w\" sizes=\"(max-width: 160px) 100vw, 160px\" \/><\/a>\n\t\t\t<\/div><\/figure><figure class='gallery-item'>\n\t\t\t<div class='gallery-icon landscape'>\n\t\t\t\t<a href='https:\/\/isd-freiburg.de\/es\/internationales-sprachzentrum-dialogo-escuela-de-idiomas-en-friburgo-freiburg\/alojamiento-en-friburgo\/image-2016-05-3171-2\/'><img decoding=\"async\" width=\"160\" height=\"107\" src=\"https:\/\/isd-freiburg.de\/wp-content\/uploads\/2016\/06\/image-2016-05-3171.jpg\" class=\"attachment-thumbnail size-thumbnail\" alt=\"\" srcset=\"https:\/\/isd-freiburg.de\/wp-content\/uploads\/2016\/06\/image-2016-05-3171.jpg 717w, https:\/\/isd-freiburg.de\/wp-content\/uploads\/2016\/06\/image-2016-05-3171-416x277.jpg 416w\" sizes=\"(max-width: 160px) 100vw, 160px\" \/><\/a>\n\t\t\t<\/div><\/figure><figure class='gallery-item'>\n\t\t\t<div class='gallery-icon landscape'>\n\t\t\t\t<a href='https:\/\/isd-freiburg.de\/es\/internationales-sprachzentrum-dialogo-escuela-de-idiomas-en-friburgo-freiburg\/alojamiento-en-friburgo\/image-2016-05-3167-2\/'><img decoding=\"async\" width=\"160\" height=\"107\" src=\"https:\/\/isd-freiburg.de\/wp-content\/uploads\/2016\/06\/image-2016-05-3167.jpg\" class=\"attachment-thumbnail size-thumbnail\" alt=\"\" srcset=\"https:\/\/isd-freiburg.de\/wp-content\/uploads\/2016\/06\/image-2016-05-3167.jpg 717w, https:\/\/isd-freiburg.de\/wp-content\/uploads\/2016\/06\/image-2016-05-3167-416x277.jpg 416w\" sizes=\"(max-width: 160px) 100vw, 160px\" \/><\/a>\n\t\t\t<\/div><\/figure><figure class='gallery-item'>\n\t\t\t<div class='gallery-icon portrait'>\n\t\t\t\t<a href='https:\/\/isd-freiburg.de\/es\/internationales-sprachzentrum-dialogo-escuela-de-idiomas-en-friburgo-freiburg\/alojamiento-en-friburgo\/image-2016-05-3165-2\/'><img loading=\"lazy\" decoding=\"async\" width=\"107\" height=\"160\" src=\"https:\/\/isd-freiburg.de\/wp-content\/uploads\/2016\/06\/image-2016-05-3165.jpg\" class=\"attachment-thumbnail size-thumbnail\" alt=\"\" \/><\/a>\n\t\t\t<\/div><\/figure>\n\t\t<\/div>\n\n<div class=\"shariff shariff-align-left shariff-widget-align-left shariff-buttonstretch\" style=\"display:none\"><ul class=\"shariff-buttons theme-default orientation-horizontal buttonsize-medium\"><li class=\"shariff-button facebook shariff-nocustomcolor\" style=\"background-color:#7e8700\"><a href=\"https:\/\/www.facebook.com\/sharer\/sharer.php?u=https%3A%2F%2Fisd-freiburg.de%2Fes%2Finternationales-sprachzentrum-dialogo-escuela-de-idiomas-en-friburgo-freiburg%2Falojamiento-en-friburgo%2F\" title=\"Compartir en Facebook\" aria-label=\"Compartir en Facebook\" role=\"button\" rel=\"nofollow\" class=\"shariff-link\" style=\"; background-color:#3b5998; color:#fff\" target=\"_blank\"><span class=\"shariff-icon\" style=\"\"><svg width=\"32px\" height=\"20px\" xmlns=\"http:\/\/www.w3.org\/2000\/svg\" viewBox=\"0 0 18 32\"><path fill=\"#3b5998\" d=\"M17.1 0.2v4.7h-2.8q-1.5 0-2.1 0.6t-0.5 1.9v3.4h5.2l-0.7 5.3h-4.5v13.6h-5.5v-13.6h-4.5v-5.3h4.5v-3.9q0-3.3 1.9-5.2t5-1.8q2.6 0 4.1 0.2z\"\/><\/svg><\/span><span class=\"shariff-text\">compartir<\/span>&nbsp;<\/a><\/li><li class=\"shariff-button twitter shariff-nocustomcolor\" style=\"background-color:#7e8700\"><a href=\"https:\/\/twitter.com\/share?url=https%3A%2F%2Fisd-freiburg.de%2Fes%2Finternationales-sprachzentrum-dialogo-escuela-de-idiomas-en-friburgo-freiburg%2Falojamiento-en-friburgo%2F&text=Alojamiento%20en%20Freiburg\" title=\"Compartir en X\" aria-label=\"Compartir en X\" role=\"button\" rel=\"noopener nofollow\" class=\"shariff-link\" style=\"; background-color:#000; color:#fff\" target=\"_blank\"><span class=\"shariff-icon\" style=\"\"><svg width=\"32px\" height=\"20px\" xmlns=\"http:\/\/www.w3.org\/2000\/svg\" viewBox=\"0 0 24 24\"><path fill=\"#000\" d=\"M14.258 10.152L23.176 0h-2.113l-7.747 8.813L7.133 0H0l9.352 13.328L0 23.973h2.113l8.176-9.309 6.531 9.309h7.133zm-2.895 3.293l-.949-1.328L2.875 1.56h3.246l6.086 8.523.945 1.328 7.91 11.078h-3.246zm0 0\"\/><\/svg><\/span><span class=\"shariff-text\">compartir<\/span>&nbsp;<\/a><\/li><li class=\"shariff-button linkedin shariff-nocustomcolor\" style=\"background-color:#7e8700\"><a href=\"https:\/\/www.linkedin.com\/sharing\/share-offsite\/?url=https%3A%2F%2Fisd-freiburg.de%2Fes%2Finternationales-sprachzentrum-dialogo-escuela-de-idiomas-en-friburgo-freiburg%2Falojamiento-en-friburgo%2F\" title=\"Compartir en LinkedIn\" aria-label=\"Compartir en LinkedIn\" role=\"button\" rel=\"noopener nofollow\" class=\"shariff-link\" style=\"; background-color:#0077b5; color:#fff\" target=\"_blank\"><span class=\"shariff-icon\" style=\"\"><svg width=\"32px\" height=\"20px\" xmlns=\"http:\/\/www.w3.org\/2000\/svg\" viewBox=\"0 0 27 32\"><path fill=\"#0077b5\" d=\"M6.2 11.2v17.7h-5.9v-17.7h5.9zM6.6 5.7q0 1.3-0.9 2.2t-2.4 0.9h0q-1.5 0-2.4-0.9t-0.9-2.2 0.9-2.2 2.4-0.9 2.4 0.9 0.9 2.2zM27.4 18.7v10.1h-5.9v-9.5q0-1.9-0.7-2.9t-2.3-1.1q-1.1 0-1.9 0.6t-1.2 1.5q-0.2 0.5-0.2 1.4v9.9h-5.9q0-7.1 0-11.6t0-5.3l0-0.9h5.9v2.6h0q0.4-0.6 0.7-1t1-0.9 1.6-0.8 2-0.3q3 0 4.9 2t1.9 6z\"\/><\/svg><\/span><span class=\"shariff-text\">compartir<\/span>&nbsp;<\/a><\/li><li class=\"shariff-button xing shariff-nocustomcolor\" style=\"background-color:#7e8700\"><a href=\"https:\/\/www.xing.com\/spi\/shares\/new?url=https%3A%2F%2Fisd-freiburg.de%2Fes%2Finternationales-sprachzentrum-dialogo-escuela-de-idiomas-en-friburgo-freiburg%2Falojamiento-en-friburgo%2F\" title=\"Compartir en XING\" aria-label=\"Compartir en XING\" role=\"button\" rel=\"noopener nofollow\" class=\"shariff-link\" style=\"; background-color:#126567; color:#fff\" target=\"_blank\"><span class=\"shariff-icon\" style=\"\"><svg width=\"32px\" height=\"20px\" xmlns=\"http:\/\/www.w3.org\/2000\/svg\" viewBox=\"0 0 25 32\"><path fill=\"#126567\" d=\"M10.7 11.9q-0.2 0.3-4.6 8.2-0.5 0.8-1.2 0.8h-4.3q-0.4 0-0.5-0.3t0-0.6l4.5-8q0 0 0 0l-2.9-5q-0.2-0.4 0-0.7 0.2-0.3 0.5-0.3h4.3q0.7 0 1.2 0.8zM25.1 0.4q0.2 0.3 0 0.7l-9.4 16.7 6 11q0.2 0.4 0 0.6-0.2 0.3-0.6 0.3h-4.3q-0.7 0-1.2-0.8l-6-11.1q0.3-0.6 9.5-16.8 0.4-0.8 1.2-0.8h4.3q0.4 0 0.5 0.3z\"\/><\/svg><\/span><span class=\"shariff-text\">compartir<\/span>&nbsp;<\/a><\/li><\/ul><\/div>","protected":false},"excerpt":{"rendered":"<p>Como lamentablemente no es f\u00e1cil encontrar alojamiento en Friburgo, el ITS ofrece un servicio de alojamiento. El ITS dispone de varios pisos individuales y habitaciones en pisos compartidos en Friburgo. El servicio pretende servir de apoyo en la dif\u00edcil tarea de encontrar una habitaci\u00f3n. El servicio tiene un coste de 22,- EUR y s\u00f3lo es [&hellip;]<\/p>\n","protected":false},"author":3,"featured_media":0,"parent":103,"menu_order":20,"comment_status":"closed","ping_status":"closed","template":"","meta":{"_exactmetrics_skip_tracking":false,"_exactmetrics_sitenote_active":false,"_exactmetrics_sitenote_note":"","_exactmetrics_sitenote_category":0,"footnotes":""},"class_list":["post-1672","page","type-page","status-publish","hentry"],"yoast_head":"<!-- This site is optimized with the Yoast SEO plugin v27.5 - https:\/\/yoast.com\/product\/yoast-seo-wordpress\/ -->\n<title>Alojamiento en Freiburg - isd-freiburg.de<\/title>\n<meta name=\"robots\" content=\"index, follow, max-snippet:-1, max-image-preview:large, max-video-preview:-1\" \/>\n<link rel=\"canonical\" href=\"https:\/\/isd-freiburg.de\/es\/internationales-sprachzentrum-dialogo-escuela-de-idiomas-en-friburgo-freiburg\/alojamiento-en-friburgo\/\" \/>\n<meta property=\"og:locale\" content=\"es_ES\" \/>\n<meta property=\"og:type\" content=\"article\" \/>\n<meta property=\"og:title\" content=\"Alojamiento en Freiburg - isd-freiburg.de\" \/>\n<meta property=\"og:description\" content=\"Como lamentablemente no es f\u00e1cil encontrar alojamiento en Friburgo, el ITS ofrece un servicio de alojamiento. El ITS dispone de varios pisos individuales y habitaciones en pisos compartidos en Friburgo. El servicio pretende servir de apoyo en la dif\u00edcil tarea de encontrar una habitaci\u00f3n. El servicio tiene un coste de 22,- EUR y s\u00f3lo es [&hellip;]\" \/>\n<meta property=\"og:url\" content=\"https:\/\/isd-freiburg.de\/es\/internationales-sprachzentrum-dialogo-escuela-de-idiomas-en-friburgo-freiburg\/alojamiento-en-friburgo\/\" \/>\n<meta property=\"og:site_name\" content=\"isd-freiburg.de\" \/>\n<meta property=\"article:publisher\" content=\"https:\/\/www.facebook.com\/isd.freiburg\/\" \/>\n<meta property=\"article:modified_time\" content=\"2023-12-07T09:28:19+00:00\" \/>\n<meta property=\"og:image\" content=\"https:\/\/isd-freiburg.de\/wp-content\/uploads\/2016\/06\/image-2016-05-3173.jpg\" \/>\n<meta name=\"twitter:card\" content=\"summary_large_image\" \/>\n<meta name=\"twitter:label1\" content=\"Tiempo de lectura\" \/>\n\t<meta name=\"twitter:data1\" content=\"4 minutos\" \/>\n<script type=\"application\/ld+json\" class=\"yoast-schema-graph\">{\"@context\":\"https:\\\/\\\/schema.org\",\"@graph\":[{\"@type\":\"WebPage\",\"@id\":\"https:\\\/\\\/isd-freiburg.de\\\/es\\\/internationales-sprachzentrum-dialogo-escuela-de-idiomas-en-friburgo-freiburg\\\/alojamiento-en-friburgo\\\/\",\"url\":\"https:\\\/\\\/isd-freiburg.de\\\/es\\\/internationales-sprachzentrum-dialogo-escuela-de-idiomas-en-friburgo-freiburg\\\/alojamiento-en-friburgo\\\/\",\"name\":\"Alojamiento en Freiburg - isd-freiburg.de\",\"isPartOf\":{\"@id\":\"https:\\\/\\\/isd-freiburg.de\\\/es\\\/#website\"},\"datePublished\":\"2016-06-02T13:03:50+00:00\",\"dateModified\":\"2023-12-07T09:28:19+00:00\",\"breadcrumb\":{\"@id\":\"https:\\\/\\\/isd-freiburg.de\\\/es\\\/internationales-sprachzentrum-dialogo-escuela-de-idiomas-en-friburgo-freiburg\\\/alojamiento-en-friburgo\\\/#breadcrumb\"},\"inLanguage\":\"es\",\"potentialAction\":[{\"@type\":\"ReadAction\",\"target\":[\"https:\\\/\\\/isd-freiburg.de\\\/es\\\/internationales-sprachzentrum-dialogo-escuela-de-idiomas-en-friburgo-freiburg\\\/alojamiento-en-friburgo\\\/\"]}]},{\"@type\":\"BreadcrumbList\",\"@id\":\"https:\\\/\\\/isd-freiburg.de\\\/es\\\/internationales-sprachzentrum-dialogo-escuela-de-idiomas-en-friburgo-freiburg\\\/alojamiento-en-friburgo\\\/#breadcrumb\",\"itemListElement\":[{\"@type\":\"ListItem\",\"position\":1,\"name\":\"Home\",\"item\":\"https:\\\/\\\/isd-freiburg.de\\\/es\\\/\"},{\"@type\":\"ListItem\",\"position\":2,\"name\":\"Alojamiento en Freiburg\"}]},{\"@type\":\"WebSite\",\"@id\":\"https:\\\/\\\/isd-freiburg.de\\\/es\\\/#website\",\"url\":\"https:\\\/\\\/isd-freiburg.de\\\/es\\\/\",\"name\":\"isd-freiburg.de\",\"description\":\"Just another WordPress site\",\"publisher\":{\"@id\":\"https:\\\/\\\/isd-freiburg.de\\\/es\\\/#organization\"},\"potentialAction\":[{\"@type\":\"SearchAction\",\"target\":{\"@type\":\"EntryPoint\",\"urlTemplate\":\"https:\\\/\\\/isd-freiburg.de\\\/es\\\/?s={search_term_string}\"},\"query-input\":{\"@type\":\"PropertyValueSpecification\",\"valueRequired\":true,\"valueName\":\"search_term_string\"}}],\"inLanguage\":\"es\"},{\"@type\":\"Organization\",\"@id\":\"https:\\\/\\\/isd-freiburg.de\\\/es\\\/#organization\",\"name\":\"ISD Freiburg\",\"url\":\"https:\\\/\\\/isd-freiburg.de\\\/es\\\/\",\"logo\":{\"@type\":\"ImageObject\",\"inLanguage\":\"es\",\"@id\":\"https:\\\/\\\/isd-freiburg.de\\\/es\\\/#\\\/schema\\\/logo\\\/image\\\/\",\"url\":\"https:\\\/\\\/isd-freiburg.de\\\/wp-content\\\/uploads\\\/2015\\\/11\\\/isd_logo.jpg\",\"contentUrl\":\"https:\\\/\\\/isd-freiburg.de\\\/wp-content\\\/uploads\\\/2015\\\/11\\\/isd_logo.jpg\",\"width\":222,\"height\":80,\"caption\":\"ISD Freiburg\"},\"image\":{\"@id\":\"https:\\\/\\\/isd-freiburg.de\\\/es\\\/#\\\/schema\\\/logo\\\/image\\\/\"},\"sameAs\":[\"https:\\\/\\\/www.facebook.com\\\/isd.freiburg\\\/\"]}]}<\/script>\n<!-- \/ Yoast SEO plugin. -->","yoast_head_json":{"title":"Alojamiento en Freiburg - isd-freiburg.de","robots":{"index":"index","follow":"follow","max-snippet":"max-snippet:-1","max-image-preview":"max-image-preview:large","max-video-preview":"max-video-preview:-1"},"canonical":"https:\/\/isd-freiburg.de\/es\/internationales-sprachzentrum-dialogo-escuela-de-idiomas-en-friburgo-freiburg\/alojamiento-en-friburgo\/","og_locale":"es_ES","og_type":"article","og_title":"Alojamiento en Freiburg - isd-freiburg.de","og_description":"Como lamentablemente no es f\u00e1cil encontrar alojamiento en Friburgo, el ITS ofrece un servicio de alojamiento. El ITS dispone de varios pisos individuales y habitaciones en pisos compartidos en Friburgo. El servicio pretende servir de apoyo en la dif\u00edcil tarea de encontrar una habitaci\u00f3n. El servicio tiene un coste de 22,- EUR y s\u00f3lo es [&hellip;]","og_url":"https:\/\/isd-freiburg.de\/es\/internationales-sprachzentrum-dialogo-escuela-de-idiomas-en-friburgo-freiburg\/alojamiento-en-friburgo\/","og_site_name":"isd-freiburg.de","article_publisher":"https:\/\/www.facebook.com\/isd.freiburg\/","article_modified_time":"2023-12-07T09:28:19+00:00","og_image":[{"url":"https:\/\/isd-freiburg.de\/wp-content\/uploads\/2016\/06\/image-2016-05-3173.jpg","type":"","width":"","height":""}],"twitter_card":"summary_large_image","twitter_misc":{"Tiempo de lectura":"4 minutos"},"schema":{"@context":"https:\/\/schema.org","@graph":[{"@type":"WebPage","@id":"https:\/\/isd-freiburg.de\/es\/internationales-sprachzentrum-dialogo-escuela-de-idiomas-en-friburgo-freiburg\/alojamiento-en-friburgo\/","url":"https:\/\/isd-freiburg.de\/es\/internationales-sprachzentrum-dialogo-escuela-de-idiomas-en-friburgo-freiburg\/alojamiento-en-friburgo\/","name":"Alojamiento en Freiburg - isd-freiburg.de","isPartOf":{"@id":"https:\/\/isd-freiburg.de\/es\/#website"},"datePublished":"2016-06-02T13:03:50+00:00","dateModified":"2023-12-07T09:28:19+00:00","breadcrumb":{"@id":"https:\/\/isd-freiburg.de\/es\/internationales-sprachzentrum-dialogo-escuela-de-idiomas-en-friburgo-freiburg\/alojamiento-en-friburgo\/#breadcrumb"},"inLanguage":"es","potentialAction":[{"@type":"ReadAction","target":["https:\/\/isd-freiburg.de\/es\/internationales-sprachzentrum-dialogo-escuela-de-idiomas-en-friburgo-freiburg\/alojamiento-en-friburgo\/"]}]},{"@type":"BreadcrumbList","@id":"https:\/\/isd-freiburg.de\/es\/internationales-sprachzentrum-dialogo-escuela-de-idiomas-en-friburgo-freiburg\/alojamiento-en-friburgo\/#breadcrumb","itemListElement":[{"@type":"ListItem","position":1,"name":"Home","item":"https:\/\/isd-freiburg.de\/es\/"},{"@type":"ListItem","position":2,"name":"Alojamiento en Freiburg"}]},{"@type":"WebSite","@id":"https:\/\/isd-freiburg.de\/es\/#website","url":"https:\/\/isd-freiburg.de\/es\/","name":"isd-freiburg.de","description":"Just another WordPress site","publisher":{"@id":"https:\/\/isd-freiburg.de\/es\/#organization"},"potentialAction":[{"@type":"SearchAction","target":{"@type":"EntryPoint","urlTemplate":"https:\/\/isd-freiburg.de\/es\/?s={search_term_string}"},"query-input":{"@type":"PropertyValueSpecification","valueRequired":true,"valueName":"search_term_string"}}],"inLanguage":"es"},{"@type":"Organization","@id":"https:\/\/isd-freiburg.de\/es\/#organization","name":"ISD Freiburg","url":"https:\/\/isd-freiburg.de\/es\/","logo":{"@type":"ImageObject","inLanguage":"es","@id":"https:\/\/isd-freiburg.de\/es\/#\/schema\/logo\/image\/","url":"https:\/\/isd-freiburg.de\/wp-content\/uploads\/2015\/11\/isd_logo.jpg","contentUrl":"https:\/\/isd-freiburg.de\/wp-content\/uploads\/2015\/11\/isd_logo.jpg","width":222,"height":80,"caption":"ISD Freiburg"},"image":{"@id":"https:\/\/isd-freiburg.de\/es\/#\/schema\/logo\/image\/"},"sameAs":["https:\/\/www.facebook.com\/isd.freiburg\/"]}]}},"_links":{"self":[{"href":"https:\/\/isd-freiburg.de\/es\/wp-json\/wp\/v2\/pages\/1672","targetHints":{"allow":["GET"]}}],"collection":[{"href":"https:\/\/isd-freiburg.de\/es\/wp-json\/wp\/v2\/pages"}],"about":[{"href":"https:\/\/isd-freiburg.de\/es\/wp-json\/wp\/v2\/types\/page"}],"author":[{"embeddable":true,"href":"https:\/\/isd-freiburg.de\/es\/wp-json\/wp\/v2\/users\/3"}],"replies":[{"embeddable":true,"href":"https:\/\/isd-freiburg.de\/es\/wp-json\/wp\/v2\/comments?post=1672"}],"version-history":[{"count":2,"href":"https:\/\/isd-freiburg.de\/es\/wp-json\/wp\/v2\/pages\/1672\/revisions"}],"predecessor-version":[{"id":26503,"href":"https:\/\/isd-freiburg.de\/es\/wp-json\/wp\/v2\/pages\/1672\/revisions\/26503"}],"up":[{"embeddable":true,"href":"https:\/\/isd-freiburg.de\/es\/wp-json\/wp\/v2\/pages\/103"}],"wp:attachment":[{"href":"https:\/\/isd-freiburg.de\/es\/wp-json\/wp\/v2\/media?parent=1672"}],"curies":[{"name":"wp","href":"https:\/\/api.w.org\/{rel}","templated":true}]}}