{"id":1050,"date":"2015-11-23T10:40:36","date_gmt":"2015-11-23T10:40:36","guid":{"rendered":"https:\/\/isd-freiburg.de\/fr\/infos-generales\/visum-krankenversicherung\/"},"modified":"2023-12-07T10:45:59","modified_gmt":"2023-12-07T10:45:59","slug":"visum-und-krankenversicherung-beantragen","status":"publish","type":"page","link":"https:\/\/isd-freiburg.de\/fr\/infos-generales\/visum-und-krankenversicherung-beantragen\/","title":{"rendered":"Visa et assurance sant\u00e9"},"content":{"rendered":"\n<p>Dans cette page, vous recevrez des informations sur l&rsquo;obtention d&rsquo;un visa et d&rsquo;une assurance sant\u00e9.<\/p>\n\n\n<p>\u00a0<\/p>\n<h3><strong>Visa<\/strong><\/h3>\n<p>Les citoyens non europ\u00e9ens peuvent demander un visa en s&rsquo;inscrivant \u00e0 l&rsquo;ISD.<\/p>\n<p>Apr\u00e8s le paiement du montant total du cours, nous vous fournissons les documents officiels (confirmation d&rsquo;inscription et lettre d&rsquo;acceptation) pour demander un visa pour la dur\u00e9e du cours.<\/p>\n<p>Si vous n&rsquo;obtenez pas l&rsquo;autorisation de voyager en Allemagne, nous vous rembourserons votre argent, moins 200,- EUR de frais.<\/p>\n<p>La demande de visa se fait en 3 \u00e9tapes :<\/p>\n<p>1 &#8211; Vous vous inscrivez \u00e0 un cours intensif d&rsquo;allemand, en choisissant le nombre de semaines d&rsquo;\u00e9tudes selon le programme que vous souhaitez suivre et en r\u00e9servant une place \u00e0 l&rsquo;ISD-Freiburg. <br \/>Veuillez nous informer de la p\u00e9riode \u00e0 laquelle vous souhaitez participer au cours. Veuillez \u00e9galement nous informer si vous avez besoin d&rsquo;une chambre d&rsquo;\u00e9tudiant.<\/p>\n<p>2- 24-48 heures apr\u00e8s la r\u00e9servation, vous recevrez une facture que vous pourrez payer par virement bancaire ou par Paypal.<\/p>\n<p>3 &#8211; Apr\u00e8s le paiement, vous recevrez une lettre d&rsquo;invitation\/acceptation dans laquelle nous confirmons la r\u00e9servation du cours et le paiement. Vous pouvez maintenant demander un visa d&rsquo;\u00e9tudiant.<\/p>\n<h3><strong>Assurance sant\u00e9<\/strong><\/h3>\n<p>Lorsque vous venez en Allemagne, vous devez \u00eatre assur\u00e9 m\u00e9dicalement. Et c&rsquo;est une bonne chose. En effet, il peut arriver que quelqu&rsquo;un ait besoin d&rsquo;une aide m\u00e9dicale, de m\u00e9dicaments ou doive se rendre \u00e0 l&rsquo;h\u00f4pital. Cela pourrait co\u00fbter tr\u00e8s cher, car les co\u00fbts des soins de sant\u00e9 en Allemagne sont tr\u00e8s \u00e9lev\u00e9s.<\/p>\n<p>C&rsquo;est la raison pour laquelle vous devez fournir la preuve d&rsquo;une assurance maladie existante lorsque vous demandez un visa pour votre s\u00e9jour en Allemagne.<\/p>\n<p>Nous collaborons avec un sp\u00e9cialiste de l&rsquo;assurance voyage pour les \u00e9tudiants suivant des cours d&rsquo;allemand. Care Concept vous offre une couverture contre les frais de maladie et d&rsquo;accident &#8211; \u00e0 un prix raisonnable.<\/p>\n<p>Et le meilleur de tous : vous pouvez en faire la demande en ligne. Depuis le monde entier et rapidement. Dans un d\u00e9lai de 15 \u00e0 20 minutes, vous recevrez une confirmation par courrier \u00e9lectronique.<\/p>\n<p>Pour plus d&rsquo;informations et pour les contacts : http:\/\/www.care-concept.de\/sprachschueler_eng.php?navilang=eng&amp;vmnr=003003000S&amp;mail=info@isd-freiburg.de<br \/>http:\/\/www.care-concept.de\/sprachschueler_eng.php?navilang=eng&amp;vmnr=003003000S&amp;mail=info@isd-freiburg.de<\/p>\n\n\n<p><\/p>\n<div class=\"shariff shariff-align-left shariff-widget-align-left shariff-buttonstretch\" style=\"display:none\"><ul class=\"shariff-buttons theme-default orientation-horizontal buttonsize-medium\"><li class=\"shariff-button facebook shariff-nocustomcolor\" style=\"background-color:#7e8700\"><a href=\"https:\/\/www.facebook.com\/sharer\/sharer.php?u=https%3A%2F%2Fisd-freiburg.de%2Ffr%2Finfos-generales%2Fvisum-und-krankenversicherung-beantragen%2F\" title=\"Envoyer par Facebook\" aria-label=\"Envoyer par Facebook\" role=\"button\" rel=\"nofollow\" class=\"shariff-link\" style=\"; background-color:#3b5998; color:#fff\" target=\"_blank\"><span class=\"shariff-icon\" style=\"\"><svg width=\"32px\" height=\"20px\" xmlns=\"http:\/\/www.w3.org\/2000\/svg\" viewBox=\"0 0 18 32\"><path fill=\"#3b5998\" d=\"M17.1 0.2v4.7h-2.8q-1.5 0-2.1 0.6t-0.5 1.9v3.4h5.2l-0.7 5.3h-4.5v13.6h-5.5v-13.6h-4.5v-5.3h4.5v-3.9q0-3.3 1.9-5.2t5-1.8q2.6 0 4.1 0.2z\"\/><\/svg><\/span><span class=\"shariff-text\">partager<\/span>&nbsp;<\/a><\/li><li class=\"shariff-button twitter shariff-nocustomcolor\" style=\"background-color:#7e8700\"><a href=\"https:\/\/twitter.com\/share?url=https%3A%2F%2Fisd-freiburg.de%2Ffr%2Finfos-generales%2Fvisum-und-krankenversicherung-beantragen%2F&text=Visa%20et%20assurance%20sant%C3%A9\" title=\"Envoyer par X\" aria-label=\"Envoyer par X\" role=\"button\" rel=\"noopener nofollow\" class=\"shariff-link\" style=\"; background-color:#000; color:#fff\" target=\"_blank\"><span class=\"shariff-icon\" style=\"\"><svg width=\"32px\" height=\"20px\" xmlns=\"http:\/\/www.w3.org\/2000\/svg\" viewBox=\"0 0 24 24\"><path fill=\"#000\" d=\"M14.258 10.152L23.176 0h-2.113l-7.747 8.813L7.133 0H0l9.352 13.328L0 23.973h2.113l8.176-9.309 6.531 9.309h7.133zm-2.895 3.293l-.949-1.328L2.875 1.56h3.246l6.086 8.523.945 1.328 7.91 11.078h-3.246zm0 0\"\/><\/svg><\/span><span class=\"shariff-text\">partager<\/span>&nbsp;<\/a><\/li><li class=\"shariff-button linkedin shariff-nocustomcolor\" style=\"background-color:#7e8700\"><a href=\"https:\/\/www.linkedin.com\/sharing\/share-offsite\/?url=https%3A%2F%2Fisd-freiburg.de%2Ffr%2Finfos-generales%2Fvisum-und-krankenversicherung-beantragen%2F\" title=\"Envoyer par LinkedIn\" aria-label=\"Envoyer par LinkedIn\" role=\"button\" rel=\"noopener nofollow\" class=\"shariff-link\" style=\"; background-color:#0077b5; color:#fff\" target=\"_blank\"><span class=\"shariff-icon\" style=\"\"><svg width=\"32px\" height=\"20px\" xmlns=\"http:\/\/www.w3.org\/2000\/svg\" viewBox=\"0 0 27 32\"><path fill=\"#0077b5\" d=\"M6.2 11.2v17.7h-5.9v-17.7h5.9zM6.6 5.7q0 1.3-0.9 2.2t-2.4 0.9h0q-1.5 0-2.4-0.9t-0.9-2.2 0.9-2.2 2.4-0.9 2.4 0.9 0.9 2.2zM27.4 18.7v10.1h-5.9v-9.5q0-1.9-0.7-2.9t-2.3-1.1q-1.1 0-1.9 0.6t-1.2 1.5q-0.2 0.5-0.2 1.4v9.9h-5.9q0-7.1 0-11.6t0-5.3l0-0.9h5.9v2.6h0q0.4-0.6 0.7-1t1-0.9 1.6-0.8 2-0.3q3 0 4.9 2t1.9 6z\"\/><\/svg><\/span><span class=\"shariff-text\">partager<\/span>&nbsp;<\/a><\/li><li class=\"shariff-button xing shariff-nocustomcolor\" style=\"background-color:#7e8700\"><a href=\"https:\/\/www.xing.com\/spi\/shares\/new?url=https%3A%2F%2Fisd-freiburg.de%2Ffr%2Finfos-generales%2Fvisum-und-krankenversicherung-beantragen%2F\" title=\"Envoyer par XING\" aria-label=\"Envoyer par XING\" role=\"button\" rel=\"noopener nofollow\" class=\"shariff-link\" style=\"; background-color:#126567; color:#fff\" target=\"_blank\"><span class=\"shariff-icon\" style=\"\"><svg width=\"32px\" height=\"20px\" xmlns=\"http:\/\/www.w3.org\/2000\/svg\" viewBox=\"0 0 25 32\"><path fill=\"#126567\" d=\"M10.7 11.9q-0.2 0.3-4.6 8.2-0.5 0.8-1.2 0.8h-4.3q-0.4 0-0.5-0.3t0-0.6l4.5-8q0 0 0 0l-2.9-5q-0.2-0.4 0-0.7 0.2-0.3 0.5-0.3h4.3q0.7 0 1.2 0.8zM25.1 0.4q0.2 0.3 0 0.7l-9.4 16.7 6 11q0.2 0.4 0 0.6-0.2 0.3-0.6 0.3h-4.3q-0.7 0-1.2-0.8l-6-11.1q0.3-0.6 9.5-16.8 0.4-0.8 1.2-0.8h4.3q0.4 0 0.5 0.3z\"\/><\/svg><\/span><span class=\"shariff-text\">partager<\/span>&nbsp;<\/a><\/li><\/ul><\/div>","protected":false},"excerpt":{"rendered":"<p>Dans cette page, vous recevrez des informations sur l&rsquo;obtention d&rsquo;un visa et d&rsquo;une assurance sant\u00e9. \u00a0 Visa Les citoyens non europ\u00e9ens peuvent demander un visa en s&rsquo;inscrivant \u00e0 l&rsquo;ISD. Apr\u00e8s le paiement du montant total du cours, nous vous fournissons les documents officiels (confirmation d&rsquo;inscription et lettre d&rsquo;acceptation) pour demander un visa pour la dur\u00e9e [&hellip;]<\/p>\n","protected":false},"author":1,"featured_media":0,"parent":99,"menu_order":30,"comment_status":"closed","ping_status":"closed","template":"","meta":{"_exactmetrics_skip_tracking":false,"_exactmetrics_sitenote_active":false,"_exactmetrics_sitenote_note":"","_exactmetrics_sitenote_category":0,"footnotes":""},"class_list":["post-1050","page","type-page","status-publish","hentry"],"yoast_head":"<!-- This site is optimized with the Yoast SEO plugin v27.4 - https:\/\/yoast.com\/product\/yoast-seo-wordpress\/ -->\n<title>Visa et assurance sant\u00e9 - isd-freiburg.de<\/title>\n<meta name=\"description\" content=\"Visum &amp; Krankenversicherung \u00fcber ISD Sprachschule Freiburg orgenisieren\/erhalten.\" \/>\n<meta name=\"robots\" content=\"index, follow, max-snippet:-1, max-image-preview:large, max-video-preview:-1\" \/>\n<link rel=\"canonical\" href=\"https:\/\/isd-freiburg.de\/fr\/infos-generales\/visum-und-krankenversicherung-beantragen\/\" \/>\n<meta property=\"og:locale\" content=\"fr_FR\" \/>\n<meta property=\"og:type\" content=\"article\" \/>\n<meta property=\"og:title\" content=\"Visa et assurance sant\u00e9 - isd-freiburg.de\" \/>\n<meta property=\"og:description\" content=\"Visum &amp; Krankenversicherung \u00fcber ISD Sprachschule Freiburg orgenisieren\/erhalten.\" \/>\n<meta property=\"og:url\" content=\"https:\/\/isd-freiburg.de\/fr\/infos-generales\/visum-und-krankenversicherung-beantragen\/\" \/>\n<meta property=\"og:site_name\" content=\"isd-freiburg.de\" \/>\n<meta property=\"article:publisher\" content=\"https:\/\/www.facebook.com\/isd.freiburg\/\" \/>\n<meta property=\"article:modified_time\" content=\"2023-12-07T10:45:59+00:00\" \/>\n<meta property=\"og:image\" content=\"https:\/\/isd-freiburg.de\/wp-content\/uploads\/2016\/06\/ISD-Logo-Schatten.png\" \/>\n\t<meta property=\"og:image:width\" content=\"311\" \/>\n\t<meta property=\"og:image:height\" content=\"120\" \/>\n\t<meta property=\"og:image:type\" content=\"image\/png\" \/>\n<meta name=\"twitter:card\" content=\"summary_large_image\" \/>\n<meta name=\"twitter:label1\" content=\"Dur\u00e9e de lecture estim\u00e9e\" \/>\n\t<meta name=\"twitter:data1\" content=\"2 minutes\" \/>\n<script type=\"application\/ld+json\" class=\"yoast-schema-graph\">{\"@context\":\"https:\\\/\\\/schema.org\",\"@graph\":[{\"@type\":\"WebPage\",\"@id\":\"https:\\\/\\\/isd-freiburg.de\\\/fr\\\/infos-generales\\\/visum-und-krankenversicherung-beantragen\\\/\",\"url\":\"https:\\\/\\\/isd-freiburg.de\\\/fr\\\/infos-generales\\\/visum-und-krankenversicherung-beantragen\\\/\",\"name\":\"Visa et assurance sant\u00e9 - isd-freiburg.de\",\"isPartOf\":{\"@id\":\"https:\\\/\\\/isd-freiburg.de\\\/fr\\\/#website\"},\"datePublished\":\"2015-11-23T10:40:36+00:00\",\"dateModified\":\"2023-12-07T10:45:59+00:00\",\"description\":\"Visum & Krankenversicherung \u00fcber ISD Sprachschule Freiburg orgenisieren\\\/erhalten.\",\"breadcrumb\":{\"@id\":\"https:\\\/\\\/isd-freiburg.de\\\/fr\\\/infos-generales\\\/visum-und-krankenversicherung-beantragen\\\/#breadcrumb\"},\"inLanguage\":\"fr-FR\",\"potentialAction\":[{\"@type\":\"ReadAction\",\"target\":[\"https:\\\/\\\/isd-freiburg.de\\\/fr\\\/infos-generales\\\/visum-und-krankenversicherung-beantragen\\\/\"]}]},{\"@type\":\"BreadcrumbList\",\"@id\":\"https:\\\/\\\/isd-freiburg.de\\\/fr\\\/infos-generales\\\/visum-und-krankenversicherung-beantragen\\\/#breadcrumb\",\"itemListElement\":[{\"@type\":\"ListItem\",\"position\":1,\"name\":\"Home\",\"item\":\"https:\\\/\\\/isd-freiburg.de\\\/fr\\\/\"},{\"@type\":\"ListItem\",\"position\":2,\"name\":\"Internationales Sprachzentrum Dialogo &#8211; your language school in Freiburg\",\"item\":\"https:\\\/\\\/isd-freiburg.de\\\/fr\\\/\"},{\"@type\":\"ListItem\",\"position\":3,\"name\":\"Visa et assurance sant\u00e9\"}]},{\"@type\":\"WebSite\",\"@id\":\"https:\\\/\\\/isd-freiburg.de\\\/fr\\\/#website\",\"url\":\"https:\\\/\\\/isd-freiburg.de\\\/fr\\\/\",\"name\":\"isd-freiburg.de\",\"description\":\"Just another WordPress site\",\"publisher\":{\"@id\":\"https:\\\/\\\/isd-freiburg.de\\\/fr\\\/#organization\"},\"potentialAction\":[{\"@type\":\"SearchAction\",\"target\":{\"@type\":\"EntryPoint\",\"urlTemplate\":\"https:\\\/\\\/isd-freiburg.de\\\/fr\\\/?s={search_term_string}\"},\"query-input\":{\"@type\":\"PropertyValueSpecification\",\"valueRequired\":true,\"valueName\":\"search_term_string\"}}],\"inLanguage\":\"fr-FR\"},{\"@type\":\"Organization\",\"@id\":\"https:\\\/\\\/isd-freiburg.de\\\/fr\\\/#organization\",\"name\":\"ISD Freiburg\",\"url\":\"https:\\\/\\\/isd-freiburg.de\\\/fr\\\/\",\"logo\":{\"@type\":\"ImageObject\",\"inLanguage\":\"fr-FR\",\"@id\":\"https:\\\/\\\/isd-freiburg.de\\\/fr\\\/#\\\/schema\\\/logo\\\/image\\\/\",\"url\":\"https:\\\/\\\/isd-freiburg.de\\\/wp-content\\\/uploads\\\/2015\\\/11\\\/isd_logo.jpg\",\"contentUrl\":\"https:\\\/\\\/isd-freiburg.de\\\/wp-content\\\/uploads\\\/2015\\\/11\\\/isd_logo.jpg\",\"width\":222,\"height\":80,\"caption\":\"ISD Freiburg\"},\"image\":{\"@id\":\"https:\\\/\\\/isd-freiburg.de\\\/fr\\\/#\\\/schema\\\/logo\\\/image\\\/\"},\"sameAs\":[\"https:\\\/\\\/www.facebook.com\\\/isd.freiburg\\\/\"]}]}<\/script>\n<!-- \/ Yoast SEO plugin. -->","yoast_head_json":{"title":"Visa et assurance sant\u00e9 - isd-freiburg.de","description":"Visum & Krankenversicherung \u00fcber ISD Sprachschule Freiburg orgenisieren\/erhalten.","robots":{"index":"index","follow":"follow","max-snippet":"max-snippet:-1","max-image-preview":"max-image-preview:large","max-video-preview":"max-video-preview:-1"},"canonical":"https:\/\/isd-freiburg.de\/fr\/infos-generales\/visum-und-krankenversicherung-beantragen\/","og_locale":"fr_FR","og_type":"article","og_title":"Visa et assurance sant\u00e9 - isd-freiburg.de","og_description":"Visum & Krankenversicherung \u00fcber ISD Sprachschule Freiburg orgenisieren\/erhalten.","og_url":"https:\/\/isd-freiburg.de\/fr\/infos-generales\/visum-und-krankenversicherung-beantragen\/","og_site_name":"isd-freiburg.de","article_publisher":"https:\/\/www.facebook.com\/isd.freiburg\/","article_modified_time":"2023-12-07T10:45:59+00:00","og_image":[{"width":311,"height":120,"url":"https:\/\/isd-freiburg.de\/wp-content\/uploads\/2016\/06\/ISD-Logo-Schatten.png","type":"image\/png"}],"twitter_card":"summary_large_image","twitter_misc":{"Dur\u00e9e de lecture estim\u00e9e":"2 minutes"},"schema":{"@context":"https:\/\/schema.org","@graph":[{"@type":"WebPage","@id":"https:\/\/isd-freiburg.de\/fr\/infos-generales\/visum-und-krankenversicherung-beantragen\/","url":"https:\/\/isd-freiburg.de\/fr\/infos-generales\/visum-und-krankenversicherung-beantragen\/","name":"Visa et assurance sant\u00e9 - isd-freiburg.de","isPartOf":{"@id":"https:\/\/isd-freiburg.de\/fr\/#website"},"datePublished":"2015-11-23T10:40:36+00:00","dateModified":"2023-12-07T10:45:59+00:00","description":"Visum & Krankenversicherung \u00fcber ISD Sprachschule Freiburg orgenisieren\/erhalten.","breadcrumb":{"@id":"https:\/\/isd-freiburg.de\/fr\/infos-generales\/visum-und-krankenversicherung-beantragen\/#breadcrumb"},"inLanguage":"fr-FR","potentialAction":[{"@type":"ReadAction","target":["https:\/\/isd-freiburg.de\/fr\/infos-generales\/visum-und-krankenversicherung-beantragen\/"]}]},{"@type":"BreadcrumbList","@id":"https:\/\/isd-freiburg.de\/fr\/infos-generales\/visum-und-krankenversicherung-beantragen\/#breadcrumb","itemListElement":[{"@type":"ListItem","position":1,"name":"Home","item":"https:\/\/isd-freiburg.de\/fr\/"},{"@type":"ListItem","position":2,"name":"Internationales Sprachzentrum Dialogo &#8211; your language school in Freiburg","item":"https:\/\/isd-freiburg.de\/fr\/"},{"@type":"ListItem","position":3,"name":"Visa et assurance sant\u00e9"}]},{"@type":"WebSite","@id":"https:\/\/isd-freiburg.de\/fr\/#website","url":"https:\/\/isd-freiburg.de\/fr\/","name":"isd-freiburg.de","description":"Just another WordPress site","publisher":{"@id":"https:\/\/isd-freiburg.de\/fr\/#organization"},"potentialAction":[{"@type":"SearchAction","target":{"@type":"EntryPoint","urlTemplate":"https:\/\/isd-freiburg.de\/fr\/?s={search_term_string}"},"query-input":{"@type":"PropertyValueSpecification","valueRequired":true,"valueName":"search_term_string"}}],"inLanguage":"fr-FR"},{"@type":"Organization","@id":"https:\/\/isd-freiburg.de\/fr\/#organization","name":"ISD Freiburg","url":"https:\/\/isd-freiburg.de\/fr\/","logo":{"@type":"ImageObject","inLanguage":"fr-FR","@id":"https:\/\/isd-freiburg.de\/fr\/#\/schema\/logo\/image\/","url":"https:\/\/isd-freiburg.de\/wp-content\/uploads\/2015\/11\/isd_logo.jpg","contentUrl":"https:\/\/isd-freiburg.de\/wp-content\/uploads\/2015\/11\/isd_logo.jpg","width":222,"height":80,"caption":"ISD Freiburg"},"image":{"@id":"https:\/\/isd-freiburg.de\/fr\/#\/schema\/logo\/image\/"},"sameAs":["https:\/\/www.facebook.com\/isd.freiburg\/"]}]}},"_links":{"self":[{"href":"https:\/\/isd-freiburg.de\/fr\/wp-json\/wp\/v2\/pages\/1050","targetHints":{"allow":["GET"]}}],"collection":[{"href":"https:\/\/isd-freiburg.de\/fr\/wp-json\/wp\/v2\/pages"}],"about":[{"href":"https:\/\/isd-freiburg.de\/fr\/wp-json\/wp\/v2\/types\/page"}],"author":[{"embeddable":true,"href":"https:\/\/isd-freiburg.de\/fr\/wp-json\/wp\/v2\/users\/1"}],"replies":[{"embeddable":true,"href":"https:\/\/isd-freiburg.de\/fr\/wp-json\/wp\/v2\/comments?post=1050"}],"version-history":[{"count":2,"href":"https:\/\/isd-freiburg.de\/fr\/wp-json\/wp\/v2\/pages\/1050\/revisions"}],"predecessor-version":[{"id":27245,"href":"https:\/\/isd-freiburg.de\/fr\/wp-json\/wp\/v2\/pages\/1050\/revisions\/27245"}],"up":[{"embeddable":true,"href":"https:\/\/isd-freiburg.de\/fr\/wp-json\/wp\/v2\/pages\/99"}],"wp:attachment":[{"href":"https:\/\/isd-freiburg.de\/fr\/wp-json\/wp\/v2\/media?parent=1050"}],"curies":[{"name":"wp","href":"https:\/\/api.w.org\/{rel}","templated":true}]}}